{"id":509,"date":"2022-05-05T16:27:20","date_gmt":"2022-05-05T16:27:20","guid":{"rendered":"https:\/\/welzem1250.de\/?page_id=509"},"modified":"2022-07-12T13:17:47","modified_gmt":"2022-07-12T13:17:47","slug":"historischer-festumzug","status":"publish","type":"page","link":"https:\/\/typo3.karlstein.de\/index.php\/historischer-festumzug\/","title":{"rendered":"Historischer Festumzug"},"content":{"rendered":"\n<blockquote class=\"wp-block-quote is-style-large has-large-font-size is-layout-flow wp-block-quote-is-layout-flow\"><p>Festzug-Infos: <strong>11. Juli 2022 &#8211; 19 Uhr <\/strong>im Rathaus &#8211; f\u00fcr alle Interssierten!<\/p><p><\/p><\/blockquote>\n\n\n\n<div class=\"wp-block-media-text alignwide is-stacked-on-mobile is-image-fill\" style=\"grid-template-columns:48% auto\"><figure class=\"wp-block-media-text__media\" style=\"background-image:url(https:\/\/welzem1250.de\/wp-content\/uploads\/2022\/05\/1200_J-GW-Umzug.jpg);background-position:54% 52%\"><img loading=\"lazy\" decoding=\"async\" width=\"881\" height=\"654\" src=\"https:\/\/welzem1250.de\/wp-content\/uploads\/2022\/05\/1200_J-GW-Umzug.jpg\" alt=\"\" class=\"wp-image-471 size-full\" srcset=\"https:\/\/typo3.karlstein.de\/wp-content\/uploads\/2022\/05\/1200_J-GW-Umzug.jpg 881w, https:\/\/typo3.karlstein.de\/wp-content\/uploads\/2022\/05\/1200_J-GW-Umzug-300x223.jpg 300w, https:\/\/typo3.karlstein.de\/wp-content\/uploads\/2022\/05\/1200_J-GW-Umzug-768x570.jpg 768w\" sizes=\"auto, (max-width: 881px) 100vw, 881px\" \/><\/figure><div class=\"wp-block-media-text__content\">\n<p class=\"has-drop-cap has-x-large-font-size\"><strong>Herzliche Einladung<\/strong><\/p>\n\n\n\n<p><strong>an alle Vereine, Ortsgruppen\/Vereinigungen, Privatgruppen und-\/ oder Privatpersonen<\/strong> <strong>zur Teilnahme am Festumzug anl\u00e4sslich des Jubil\u00e4ums \u201e1250 Jahre Gro\u00dfwelzheim\u201c (Sonntag, 11. September 2022 \u2013 16 Uhr) bzw. zum <\/strong><\/p>\n\n\n\n<p class=\"has-neve-link-color-color has-text-color\"><br><strong><u>INFOABEND (11. Juli 2022) \u2013 19 Uhr im Rathaus<\/u><\/strong> | Kuchentheke-Orga bereits um 18 Uhr!<\/p>\n\n\n\n<p>Hiermit laden wir alle interessierten B\u00fcrgerinnen und B\u00fcrger aus Karlstein ein, am (historischen) Festumzug (11. September 2022 \u2013 16 Uhr) anl\u00e4sslich des Jubil\u00e4um-Wochenendes zur 1250 Jahrfeier teilzunehmen. \u00dcber rege Beteiligung \u2013 sei es durch die Karlsteiner Vereine, Ortsgruppen und auch gerne aus privater Initiative \u2013 w\u00fcrden wir uns sehr freuen.<\/p>\n\n\n\n<p><strong>In Welzem leeft koaner alloans!<\/strong><\/p>\n\n\n\n<p>Auch wenn sich keine \u201eGruppe\u201c (zum Beispiel aus dem privaten Bereich) zusammenfindet, Sie aber dennoch gerne \u201edabei\u201c w\u00e4ren, dann sind Sie bitte dabei! In Karlstein \u2013 in diesem Fall in Welzem \u2013 \u201eleeft koaner alloans!\u201c \ud83d\ude09<br><\/p>\n<\/div><\/div>\n\n\n\n<div class=\"wp-block-columns alignwide is-layout-flex wp-container-core-columns-is-layout-1 wp-block-columns-is-layout-flex\">\n<div class=\"wp-block-column is-layout-flow wp-block-column-is-layout-flow\">\n<p class=\"has-neve-link-color-color has-text-color has-large-font-size\" style=\"line-height:4rem;\"><strong>Der historische Festumzug<br>findet statt am 11. September 2022 <br>um 16 Uhr!<\/strong><\/p>\n<\/div>\n\n\n\n<div class=\"wp-block-column is-layout-flow wp-block-column-is-layout-flow\"><\/div>\n<\/div>\n","protected":false},"excerpt":{"rendered":"<p>Festzug-Infos: 11. Juli 2022 &#8211; 19 Uhr im Rathaus &#8211; f\u00fcr alle Interssierten! Herzliche Einladung an alle Vereine, Ortsgruppen\/Vereinigungen, Privatgruppen und-\/ oder Privatpersonen zur Teilnahme am Festumzug anl\u00e4sslich des Jubil\u00e4ums \u201e1250 Jahre Gro\u00dfwelzheim\u201c (Sonntag, 11. September 2022 \u2013 16 Uhr) bzw. zum INFOABEND (11. Juli 2022) \u2013 19 Uhr im Rathaus | Kuchentheke-Orga bereits um&hellip;&nbsp;<a href=\"https:\/\/typo3.karlstein.de\/index.php\/historischer-festumzug\/\" rel=\"bookmark\">Weiterlesen &raquo;<span class=\"screen-reader-text\">Historischer Festumzug<\/span><\/a><\/p>\n","protected":false},"author":2,"featured_media":0,"parent":0,"menu_order":0,"comment_status":"closed","ping_status":"closed","template":"","meta":{"neve_meta_sidebar":"","neve_meta_container":"","neve_meta_enable_content_width":"","neve_meta_content_width":0,"neve_meta_title_alignment":"","neve_meta_author_avatar":"","neve_post_elements_order":"","neve_meta_disable_header":"","neve_meta_disable_footer":"","neve_meta_disable_title":"","footnotes":""},"class_list":["post-509","page","type-page","status-publish","hentry"],"yoast_head":"<!-- This site is optimized with the Yoast SEO plugin v24.4 - https:\/\/yoast.com\/wordpress\/plugins\/seo\/ -->\n<title>Historischer Festumzug - welzem1250.de<\/title>\n<meta name=\"robots\" content=\"index, follow, max-snippet:-1, max-image-preview:large, max-video-preview:-1\" \/>\n<link rel=\"canonical\" href=\"https:\/\/typo3.karlstein.de\/index.php\/historischer-festumzug\/\" \/>\n<meta property=\"og:locale\" content=\"de_DE\" \/>\n<meta property=\"og:type\" content=\"article\" \/>\n<meta property=\"og:title\" content=\"Historischer Festumzug - welzem1250.de\" \/>\n<meta property=\"og:description\" content=\"Festzug-Infos: 11. Juli 2022 &#8211; 19 Uhr im Rathaus &#8211; f\u00fcr alle Interssierten! Herzliche Einladung an alle Vereine, Ortsgruppen\/Vereinigungen, Privatgruppen und-\/ oder Privatpersonen zur Teilnahme am Festumzug anl\u00e4sslich des Jubil\u00e4ums \u201e1250 Jahre Gro\u00dfwelzheim\u201c (Sonntag, 11. September 2022 \u2013 16 Uhr) bzw. zum INFOABEND (11. Juli 2022) \u2013 19 Uhr im Rathaus | Kuchentheke-Orga bereits um&hellip;&nbsp;Weiterlesen &raquo;Historischer Festumzug\" \/>\n<meta property=\"og:url\" content=\"https:\/\/typo3.karlstein.de\/index.php\/historischer-festumzug\/\" \/>\n<meta property=\"og:site_name\" content=\"welzem1250.de\" \/>\n<meta property=\"article:modified_time\" content=\"2022-07-12T13:17:47+00:00\" \/>\n<meta property=\"og:image\" content=\"https:\/\/welzem1250.de\/wp-content\/uploads\/2022\/05\/1200_J-GW-Umzug.jpg\" \/>\n<meta name=\"twitter:card\" content=\"summary_large_image\" \/>\n<meta name=\"twitter:label1\" content=\"Gesch\u00e4tzte Lesezeit\" \/>\n\t<meta name=\"twitter:data1\" content=\"2\u00a0Minuten\" \/>\n<script type=\"application\/ld+json\" class=\"yoast-schema-graph\">{\"@context\":\"https:\/\/schema.org\",\"@graph\":[{\"@type\":\"WebPage\",\"@id\":\"https:\/\/typo3.karlstein.de\/index.php\/historischer-festumzug\/\",\"url\":\"https:\/\/typo3.karlstein.de\/index.php\/historischer-festumzug\/\",\"name\":\"Historischer Festumzug - welzem1250.de\",\"isPartOf\":{\"@id\":\"https:\/\/typo3.karlstein.de\/#website\"},\"primaryImageOfPage\":{\"@id\":\"https:\/\/typo3.karlstein.de\/index.php\/historischer-festumzug\/#primaryimage\"},\"image\":{\"@id\":\"https:\/\/typo3.karlstein.de\/index.php\/historischer-festumzug\/#primaryimage\"},\"thumbnailUrl\":\"https:\/\/welzem1250.de\/wp-content\/uploads\/2022\/05\/1200_J-GW-Umzug.jpg\",\"datePublished\":\"2022-05-05T16:27:20+00:00\",\"dateModified\":\"2022-07-12T13:17:47+00:00\",\"breadcrumb\":{\"@id\":\"https:\/\/typo3.karlstein.de\/index.php\/historischer-festumzug\/#breadcrumb\"},\"inLanguage\":\"de\",\"potentialAction\":[{\"@type\":\"ReadAction\",\"target\":[\"https:\/\/typo3.karlstein.de\/index.php\/historischer-festumzug\/\"]}]},{\"@type\":\"ImageObject\",\"inLanguage\":\"de\",\"@id\":\"https:\/\/typo3.karlstein.de\/index.php\/historischer-festumzug\/#primaryimage\",\"url\":\"https:\/\/welzem1250.de\/wp-content\/uploads\/2022\/05\/1200_J-GW-Umzug.jpg\",\"contentUrl\":\"https:\/\/welzem1250.de\/wp-content\/uploads\/2022\/05\/1200_J-GW-Umzug.jpg\"},{\"@type\":\"BreadcrumbList\",\"@id\":\"https:\/\/typo3.karlstein.de\/index.php\/historischer-festumzug\/#breadcrumb\",\"itemListElement\":[{\"@type\":\"ListItem\",\"position\":1,\"name\":\"Startseite\",\"item\":\"https:\/\/typo3.karlstein.de\/\"},{\"@type\":\"ListItem\",\"position\":2,\"name\":\"Historischer Festumzug\"}]},{\"@type\":\"WebSite\",\"@id\":\"https:\/\/typo3.karlstein.de\/#website\",\"url\":\"https:\/\/typo3.karlstein.de\/\",\"name\":\"welzem1250.de\",\"description\":\"1250 Jahre Gro\u00dfwelzheim\",\"publisher\":{\"@id\":\"https:\/\/typo3.karlstein.de\/#organization\"},\"potentialAction\":[{\"@type\":\"SearchAction\",\"target\":{\"@type\":\"EntryPoint\",\"urlTemplate\":\"https:\/\/typo3.karlstein.de\/?s={search_term_string}\"},\"query-input\":{\"@type\":\"PropertyValueSpecification\",\"valueRequired\":true,\"valueName\":\"search_term_string\"}}],\"inLanguage\":\"de\"},{\"@type\":\"Organization\",\"@id\":\"https:\/\/typo3.karlstein.de\/#organization\",\"name\":\"welzem1250.de\",\"url\":\"https:\/\/typo3.karlstein.de\/\",\"logo\":{\"@type\":\"ImageObject\",\"inLanguage\":\"de\",\"@id\":\"https:\/\/typo3.karlstein.de\/#\/schema\/logo\/image\/\",\"url\":\"https:\/\/typo3.karlstein.de\/wp-content\/uploads\/2022\/01\/logo-1250-grosswelzheim_einzeln2.png\",\"contentUrl\":\"https:\/\/typo3.karlstein.de\/wp-content\/uploads\/2022\/01\/logo-1250-grosswelzheim_einzeln2.png\",\"width\":141,\"height\":86,\"caption\":\"welzem1250.de\"},\"image\":{\"@id\":\"https:\/\/typo3.karlstein.de\/#\/schema\/logo\/image\/\"}}]}<\/script>\n<!-- \/ Yoast SEO plugin. -->","yoast_head_json":{"title":"Historischer Festumzug - welzem1250.de","robots":{"index":"index","follow":"follow","max-snippet":"max-snippet:-1","max-image-preview":"max-image-preview:large","max-video-preview":"max-video-preview:-1"},"canonical":"https:\/\/typo3.karlstein.de\/index.php\/historischer-festumzug\/","og_locale":"de_DE","og_type":"article","og_title":"Historischer Festumzug - welzem1250.de","og_description":"Festzug-Infos: 11. Juli 2022 &#8211; 19 Uhr im Rathaus &#8211; f\u00fcr alle Interssierten! Herzliche Einladung an alle Vereine, Ortsgruppen\/Vereinigungen, Privatgruppen und-\/ oder Privatpersonen zur Teilnahme am Festumzug anl\u00e4sslich des Jubil\u00e4ums \u201e1250 Jahre Gro\u00dfwelzheim\u201c (Sonntag, 11. September 2022 \u2013 16 Uhr) bzw. zum INFOABEND (11. Juli 2022) \u2013 19 Uhr im Rathaus | Kuchentheke-Orga bereits um&hellip;&nbsp;Weiterlesen &raquo;Historischer Festumzug","og_url":"https:\/\/typo3.karlstein.de\/index.php\/historischer-festumzug\/","og_site_name":"welzem1250.de","article_modified_time":"2022-07-12T13:17:47+00:00","og_image":[{"url":"https:\/\/welzem1250.de\/wp-content\/uploads\/2022\/05\/1200_J-GW-Umzug.jpg","type":"","width":"","height":""}],"twitter_card":"summary_large_image","twitter_misc":{"Gesch\u00e4tzte Lesezeit":"2\u00a0Minuten"},"schema":{"@context":"https:\/\/schema.org","@graph":[{"@type":"WebPage","@id":"https:\/\/typo3.karlstein.de\/index.php\/historischer-festumzug\/","url":"https:\/\/typo3.karlstein.de\/index.php\/historischer-festumzug\/","name":"Historischer Festumzug - welzem1250.de","isPartOf":{"@id":"https:\/\/typo3.karlstein.de\/#website"},"primaryImageOfPage":{"@id":"https:\/\/typo3.karlstein.de\/index.php\/historischer-festumzug\/#primaryimage"},"image":{"@id":"https:\/\/typo3.karlstein.de\/index.php\/historischer-festumzug\/#primaryimage"},"thumbnailUrl":"https:\/\/welzem1250.de\/wp-content\/uploads\/2022\/05\/1200_J-GW-Umzug.jpg","datePublished":"2022-05-05T16:27:20+00:00","dateModified":"2022-07-12T13:17:47+00:00","breadcrumb":{"@id":"https:\/\/typo3.karlstein.de\/index.php\/historischer-festumzug\/#breadcrumb"},"inLanguage":"de","potentialAction":[{"@type":"ReadAction","target":["https:\/\/typo3.karlstein.de\/index.php\/historischer-festumzug\/"]}]},{"@type":"ImageObject","inLanguage":"de","@id":"https:\/\/typo3.karlstein.de\/index.php\/historischer-festumzug\/#primaryimage","url":"https:\/\/welzem1250.de\/wp-content\/uploads\/2022\/05\/1200_J-GW-Umzug.jpg","contentUrl":"https:\/\/welzem1250.de\/wp-content\/uploads\/2022\/05\/1200_J-GW-Umzug.jpg"},{"@type":"BreadcrumbList","@id":"https:\/\/typo3.karlstein.de\/index.php\/historischer-festumzug\/#breadcrumb","itemListElement":[{"@type":"ListItem","position":1,"name":"Startseite","item":"https:\/\/typo3.karlstein.de\/"},{"@type":"ListItem","position":2,"name":"Historischer Festumzug"}]},{"@type":"WebSite","@id":"https:\/\/typo3.karlstein.de\/#website","url":"https:\/\/typo3.karlstein.de\/","name":"welzem1250.de","description":"1250 Jahre Gro\u00dfwelzheim","publisher":{"@id":"https:\/\/typo3.karlstein.de\/#organization"},"potentialAction":[{"@type":"SearchAction","target":{"@type":"EntryPoint","urlTemplate":"https:\/\/typo3.karlstein.de\/?s={search_term_string}"},"query-input":{"@type":"PropertyValueSpecification","valueRequired":true,"valueName":"search_term_string"}}],"inLanguage":"de"},{"@type":"Organization","@id":"https:\/\/typo3.karlstein.de\/#organization","name":"welzem1250.de","url":"https:\/\/typo3.karlstein.de\/","logo":{"@type":"ImageObject","inLanguage":"de","@id":"https:\/\/typo3.karlstein.de\/#\/schema\/logo\/image\/","url":"https:\/\/typo3.karlstein.de\/wp-content\/uploads\/2022\/01\/logo-1250-grosswelzheim_einzeln2.png","contentUrl":"https:\/\/typo3.karlstein.de\/wp-content\/uploads\/2022\/01\/logo-1250-grosswelzheim_einzeln2.png","width":141,"height":86,"caption":"welzem1250.de"},"image":{"@id":"https:\/\/typo3.karlstein.de\/#\/schema\/logo\/image\/"}}]}},"_links":{"self":[{"href":"https:\/\/typo3.karlstein.de\/index.php\/wp-json\/wp\/v2\/pages\/509","targetHints":{"allow":["GET"]}}],"collection":[{"href":"https:\/\/typo3.karlstein.de\/index.php\/wp-json\/wp\/v2\/pages"}],"about":[{"href":"https:\/\/typo3.karlstein.de\/index.php\/wp-json\/wp\/v2\/types\/page"}],"author":[{"embeddable":true,"href":"https:\/\/typo3.karlstein.de\/index.php\/wp-json\/wp\/v2\/users\/2"}],"replies":[{"embeddable":true,"href":"https:\/\/typo3.karlstein.de\/index.php\/wp-json\/wp\/v2\/comments?post=509"}],"version-history":[{"count":5,"href":"https:\/\/typo3.karlstein.de\/index.php\/wp-json\/wp\/v2\/pages\/509\/revisions"}],"predecessor-version":[{"id":785,"href":"https:\/\/typo3.karlstein.de\/index.php\/wp-json\/wp\/v2\/pages\/509\/revisions\/785"}],"wp:attachment":[{"href":"https:\/\/typo3.karlstein.de\/index.php\/wp-json\/wp\/v2\/media?parent=509"}],"curies":[{"name":"wp","href":"https:\/\/api.w.org\/{rel}","templated":true}]}}